{"id":5592,"date":"2016-12-05T09:17:34","date_gmt":"2016-12-05T09:17:34","guid":{"rendered":"http:\/\/demo.wpzoom.com\/reel\/?page_id=5592"},"modified":"2025-04-09T13:21:27","modified_gmt":"2025-04-09T11:21:27","slug":"onas","status":"publish","type":"page","link":"https:\/\/twojaklinika.com.pl\/index.php\/onas\/","title":{"rendered":"O nas"},"content":{"rendered":"\n\n\t<h2>\n\t\t\t\t\tO nas\n\t\t\t\t<\/h2>\n\t<p>Twoja Klinika to nowoczesne i unikatowe miejsce na mapie Podlasia. Stworzona przez nas oferta uwzgl\u0119dnia najnowocze\u015bniejsze \u015bwiatowe trendy w dziedzinie dermatologii, medycyny estetycznej, chirurgii estetycznej, ginekologii estetycznej oraz kosmetologii.  Swoje us\u0142ugi dedykujemy kobietom, m\u0119\u017cczyznom i dzieciom..<\/p>\n\t<h2>\n\t\t\t\t\tNasz zesp\u00f3\u0142\n\t\t\t\t<\/h2>\n\t\t\t\t<figure>\n\t\t\t\t\t\t\t<a href=\"https:\/\/twojaklinika.com.pl\/index.php\/onas\/dr-hab-n-med-marek-niczyporuk\/\" title=\"Dr hab. n. med. Marek Niczyporuk\" target=\"_self\">\n\t\t\t\t<img decoding=\"async\" src=\"https:\/\/twojaklinika.com.pl\/wp-content\/uploads\/2020\/11\/MN.jpg\" alt=\"Processed with VSCOcam with hb1 preset\" itemprop=\"image\"\/>\n\t\t\t\t\t\t\t<\/a>\n\t\t\t\t\t\t<figcaption>\n\t\t\t\t<h2>\n\t\t\t\t\t\t\t\t\t<a href=\"https:\/\/twojaklinika.com.pl\/index.php\/onas\/dr-hab-n-med-marek-niczyporuk\/\" title=\"Dr hab. n. med. Marek Niczyporuk\" target=\"_self\">\n\t\t\t\t\t\t\t\tDr hab. n. med. Marek Niczyporuk\n\t\t\t\t\t\t\t\t\t<\/a>\n\t\t\t\t\t\t\t\t<\/h2>\n\t\t\t\tdermatologia i wenerologia\n\t\t\t\t\t\t\t\t\t<p>Specjalista dermatolog-wenerolog z ponad 10-letnim do\u015bwiadczeniem. Jest wyk\u0142adowc\u0105 i pracownikiem Samodzielnej Pracowni Medycyny Estetycznej Uniwersytetu Medycznego w Bia\u0142ymstoku.<\/p>\n\t\t\t\t\t\t\t<\/figcaption>\n\t\t<\/figure>\n\t\t\t\t<figure>\n\t\t\t\t\t\t\t<a href=\"https:\/\/twojaklinika.com.pl\/index.php\/onas\/dr-n-med-tomasz-kononczuk\/\" title=\"Dr n. med. Tomasz Kono\u0144czuk\" target=\"_self\">\n\t\t\t\t<img decoding=\"async\" src=\"https:\/\/twojaklinika.com.pl\/wp-content\/uploads\/2020\/11\/TK.jpg\" alt=\"Processed with VSCOcam with hb1 preset\" itemprop=\"image\"\/>\n\t\t\t\t\t\t\t<\/a>\n\t\t\t\t\t\t<figcaption>\n\t\t\t\t<h2>\n\t\t\t\t\t\t\t\t\t<a href=\"https:\/\/twojaklinika.com.pl\/index.php\/onas\/dr-n-med-tomasz-kononczuk\/\" title=\"Dr n. med. Tomasz Kono\u0144czuk\" target=\"_self\">\n\t\t\t\t\t\t\t\tDr n. med. Tomasz Kono\u0144czuk\n\t\t\t\t\t\t\t\t\t<\/a>\n\t\t\t\t\t\t\t\t<\/h2>\n\t\t\t\tmedycyna estetyczna\n\t\t\t\t\t\t\t\t\t<p>Dr n. med. Tomasz Kono\u0144czuk uko\u0144czy\u0142 studia na Uniwersytecie Medycznym w Bia\u0142ymstoku w 2005 roku. W 2012 roku uko\u0144czy\u0142 studia podyplomowe w zakresie medycyny estetycznej na Uniwersytecie Medycznym w Warszawie.<\/p>\n\t\t\t\t\t\t\t<\/figcaption>\n\t\t<\/figure>\n\t\t\t\t<figure>\n\t\t\t\t\t\t\t<a href=\"https:\/\/twojaklinika.com.pl\/index.php\/onas\/lek-michal-ryn\/\" title=\"Lek. Micha\u0142 Ry\u0144\" target=\"_self\">\n\t\t\t\t<img decoding=\"async\" src=\"https:\/\/twojaklinika.com.pl\/wp-content\/uploads\/2023\/11\/Michal_Ryn.jpg\" alt=\"Processed with VSCOcam with hb1 preset\" itemprop=\"image\"\/>\n\t\t\t\t\t\t\t<\/a>\n\t\t\t\t\t\t<figcaption>\n\t\t\t\t<h2>\n\t\t\t\t\t\t\t\t\t<a href=\"https:\/\/twojaklinika.com.pl\/index.php\/onas\/lek-michal-ryn\/\" title=\"Lek. Micha\u0142 Ry\u0144\" target=\"_self\">\n\t\t\t\t\t\t\t\tLek. Micha\u0142 Ry\u0144\n\t\t\t\t\t\t\t\t\t<\/a>\n\t\t\t\t\t\t\t\t<\/h2>\n\t\t\t\tginekologia estetyczna\n\t\t\t\t\t\t\t\t\t<p>Lekarz kt\u00f3ry m\u00f3wi o sobie, \u017ce nie przepracowa\u0142 w swoim \u017cyciu zawodowym jeszcze ani jednego dnia &#8211; gdy si\u0119 kocha to co si\u0119 robi, to praca staje si\u0119 hobby a nie zawodem. Cechuje si\u0119 indywidualnym podej\u015bciem do pacjentek, zwraca szczeg\u00f3ln\u0105 uwag\u0119 na komfort i interes pacjenta z kt\u00f3rym wsp\u00f3\u0142pracuje.<\/p>\n\t\t\t\t\t\t\t<\/figcaption>\n\t\t<\/figure>\n\t\t\t\t<figure>\n\t\t\t\t\t\t\t<a href=\"https:\/\/twojaklinika.com.pl\/index.php\/onas\/lek-hend-malla\/\" title=\"lek. Hend Malla\" target=\"_self\">\n\t\t\t\t<img decoding=\"async\" src=\"https:\/\/twojaklinika.com.pl\/wp-content\/uploads\/2020\/11\/Malla.jpg\" alt=\"Malla\" itemprop=\"image\"\/>\n\t\t\t\t\t\t\t<\/a>\n\t\t\t\t\t\t<figcaption>\n\t\t\t\t<h2>\n\t\t\t\t\t\t\t\t\t<a href=\"https:\/\/twojaklinika.com.pl\/index.php\/onas\/lek-hend-malla\/\" title=\"lek. Hend Malla\" target=\"_self\">\n\t\t\t\t\t\t\t\tlek. Hend Malla\n\t\t\t\t\t\t\t\t\t<\/a>\n\t\t\t\t\t\t\t\t<\/h2>\n\t\t\t\tchirurgia og\u00f3lna\n\t\t\t\t\t\t\t\t\t<p>Od pocz\u0105tku swojej pracy zawodowej w 1997 roku zwi\u0105zana z Uniwersyteckim Szpitalem Klinicznym w Bia\u0142ymstoku I Kliniki chirurgii og\u00f3lnej i endokrynologicznej.\u00a0 W latach 2005 &#8211; 2007 pracowa\u0142a na oddziale chirurgii plastycznej Szpitala Wojew\u00f3dzkiego.<\/p>\n\t\t\t\t\t\t\t<\/figcaption>\n\t\t<\/figure>\n\t\t\t\t<figure>\n\t\t\t\t\t\t\t<a href=\"https:\/\/twojaklinika.com.pl\/index.php\/onas\/lek-ewa-godlewska\/\" title=\"lek. Ewa Godlewska\" target=\"_self\">\n\t\t\t\t<img decoding=\"async\" src=\"https:\/\/twojaklinika.com.pl\/wp-content\/uploads\/2020\/11\/ewagodlewska.jpg\" alt=\"Malla\" itemprop=\"image\"\/>\n\t\t\t\t\t\t\t<\/a>\n\t\t\t\t\t\t<figcaption>\n\t\t\t\t<h2>\n\t\t\t\t\t\t\t\t\t<a href=\"https:\/\/twojaklinika.com.pl\/index.php\/onas\/lek-ewa-godlewska\/\" title=\"lek. Ewa Godlewska\" target=\"_self\">\n\t\t\t\t\t\t\t\tlek. Ewa Godlewska\n\t\t\t\t\t\t\t\t\t<\/a>\n\t\t\t\t\t\t\t\t<\/h2>\n\t\t\t\tokulistyka, medycyna estetyczna\n\t\t\t\t\t\t\t\t\t<p>Lek. med. Ewa Godlewska jest absolwentk\u0105 Uniwersytetu Medycznego w Bia\u0142ymstoku z 1996 roku. Po odbyciu podyplomowego sta\u017cu rozpocz\u0119\u0142a specjalizacj\u0119 z okulistyki.<\/p>\n\t\t\t\t\t\t\t<\/figcaption>\n\t\t<\/figure>\n\t\t\t\t<figure>\n\t\t\t\t\t\t\t<a href=\"https:\/\/twojaklinika.com.pl\/index.php\/onas\/lek-dominik-siergiejko\/\" title=\"lek. Dominik Siergiejko\" target=\"_self\">\n\t\t\t\t<img decoding=\"async\" src=\"https:\/\/twojaklinika.com.pl\/wp-content\/uploads\/2024\/04\/Dominik_Siergiejko.jpg\" alt=\"Malla\" itemprop=\"image\"\/>\n\t\t\t\t\t\t\t<\/a>\n\t\t\t\t\t\t<figcaption>\n\t\t\t\t<h2>\n\t\t\t\t\t\t\t\t\t<a href=\"https:\/\/twojaklinika.com.pl\/index.php\/onas\/lek-dominik-siergiejko\/\" title=\"lek. Dominik Siergiejko\" target=\"_self\">\n\t\t\t\t\t\t\t\tlek. Dominik Siergiejko\n\t\t\t\t\t\t\t\t\t<\/a>\n\t\t\t\t\t\t\t\t<\/h2>\n\t\t\t\t\t\t\t\t\t<p>Absolwent Uniwersytetu Medycznego w Bia\u0142ymstoku, cz\u0142onek Polskiego Towarzystwa Chor\u00f3b P\u0142uc, regularnie aktualizuj\u0119 swoj\u0105 wiedz\u0119 bior\u0105c udzia\u0142 w zjazdach specjalistycznych i kursach doskonal\u0105cych.<\/p>\n\t\t\t\t\t\t\t<\/figcaption>\n\t\t<\/figure>\n\t\t\t\t<figure>\n\t\t\t\t\t\t\t<a href=\"https:\/\/twojaklinika.com.pl\/index.php\/onas\/dr-n-med-malgorzata-sawicka-zukowska\/\" title=\"Dr n. med. Ma\u0142gorzata Sawicka- \u017bukowska\" target=\"_self\">\n\t\t\t\t<img decoding=\"async\" src=\"https:\/\/twojaklinika.com.pl\/wp-content\/uploads\/2020\/11\/lek_sawicka.png\" alt=\"lek_sawicka\" itemprop=\"image\"\/>\n\t\t\t\t\t\t\t<\/a>\n\t\t\t\t\t\t<figcaption>\n\t\t\t\t<h2>\n\t\t\t\t\t\t\t\t\t<a href=\"https:\/\/twojaklinika.com.pl\/index.php\/onas\/dr-n-med-malgorzata-sawicka-zukowska\/\" title=\"Dr n. med. Ma\u0142gorzata Sawicka- \u017bukowska\" target=\"_self\">\n\t\t\t\t\t\t\t\tDr n. med. Ma\u0142gorzata Sawicka- \u017bukowska\n\t\t\t\t\t\t\t\t\t<\/a>\n\t\t\t\t\t\t\t\t<\/h2>\n\t\t\t\tpediatria i onkologia dzieci\u0119ca\n\t\t\t\t\t\t\t\t\t<p>Dr Ma\u0142gorzata Sawicka \u017bukowska uko\u0144czy\u0142a studia na Wydziale Lekarskim Akademii Medycznej w Bia\u0142ymstoku w 2003 roku. Od 2013 roku specjalista w zakresie pediatrii. Obecnie w trakcie specjalizacji w zakresie onkologii i hematologii dzieci\u0119cej.<\/p>\n\t\t\t\t\t\t\t<\/figcaption>\n\t\t<\/figure>\n\t\t\t\t<figure>\n\t\t\t\t\t\t\t<a href=\"https:\/\/twojaklinika.com.pl\/index.php\/onas\/lek-pawel-kozlowski\/\" title=\"lek. Pawe\u0142 Koz\u0142owski\" target=\"_self\">\n\t\t\t\t<img decoding=\"async\" src=\"https:\/\/twojaklinika.com.pl\/wp-content\/uploads\/2020\/11\/PK.jpg\" alt=\"lek_sawicka\" itemprop=\"image\"\/>\n\t\t\t\t\t\t\t<\/a>\n\t\t\t\t\t\t<figcaption>\n\t\t\t\t<h2>\n\t\t\t\t\t\t\t\t\t<a href=\"https:\/\/twojaklinika.com.pl\/index.php\/onas\/lek-pawel-kozlowski\/\" title=\"lek. Pawe\u0142 Koz\u0142owski\" target=\"_self\">\n\t\t\t\t\t\t\t\tlek. Pawe\u0142 Koz\u0142owski\n\t\t\t\t\t\t\t\t\t<\/a>\n\t\t\t\t\t\t\t\t<\/h2>\n\t\t\t\tchoroby zaka\u017ane\n\t\t\t\t\t\t\t\t\t<p>Lek. med. Pawe\u0142 Koz\u0142owski jest absolwentem Bia\u0142ostockiego Uniwersytetu Medycznego z 2008 roku. Po zako\u0144czeniu studi\u00f3w medycznych i odbyciu podyplomowego sta\u017cu rozpocz\u0105\u0142 specjalizacj\u0119\u00a0 w dziedzinie chor\u00f3b zaka\u017anych, kt\u00f3r\u0105 uzyska\u0142 po pomy\u015blnym z\u0142o\u017ceniu egzaminu w 2015 roku.<\/p>\n\t\t\t\t\t\t\t<\/figcaption>\n\t\t<\/figure>\n\t\t\t\t<figure>\n\t\t\t\t\t\t\t<a href=\"https:\/\/twojaklinika.com.pl\/index.php\/onas\/julia-ostrowska\/\" title=\"Julia Ostrowska\" target=\"_self\">\n\t\t\t\t<img decoding=\"async\" src=\"https:\/\/twojaklinika.com.pl\/wp-content\/uploads\/2024\/04\/Julia_Ostrowska.jpg\" alt=\"lek_sawicka\" itemprop=\"image\"\/>\n\t\t\t\t\t\t\t<\/a>\n\t\t\t\t\t\t<figcaption>\n\t\t\t\t<h2>\n\t\t\t\t\t\t\t\t\t<a href=\"https:\/\/twojaklinika.com.pl\/index.php\/onas\/julia-ostrowska\/\" title=\"Julia Ostrowska\" target=\"_self\">\n\t\t\t\t\t\t\t\tJulia Ostrowska\n\t\t\t\t\t\t\t\t\t<\/a>\n\t\t\t\t\t\t\t\t<\/h2>\n\t\t\t\tkosmetolog\n\t\t\t\t\t\t\t\t\t<p>Magister kosmetologii, przysz\u0142a absolwentka kierunku piel\u0119gniarstwo. Swoje tytu\u0142y naukowe zdobywa na UMB. W pracy skupia si\u0119 na holistycznym podej\u015bciu do pacjenta. Dwukierunkowe wykszta\u0142cenie pomaga jej w jak najlepszej ocenie stanu sk\u00f3ry pacjenta.<\/p>\n\t\t\t\t\t\t\t<\/figcaption>\n\t\t<\/figure>\n\t\t\t\t<figure>\n\t\t\t\t\t\t\t<a href=\"https:\/\/twojaklinika.com.pl\/index.php\/onas\/dr-n-med-elwira-matuszewska\/\" title=\"Dr n. med. Elwira Matuszewska\" target=\"_self\">\n\t\t\t\t<img decoding=\"async\" src=\"https:\/\/twojaklinika.com.pl\/wp-content\/uploads\/2020\/11\/lekarz2.png\" alt=\"lekarz2\" itemprop=\"image\"\/>\n\t\t\t\t\t\t\t<\/a>\n\t\t\t\t\t\t<figcaption>\n\t\t\t\t<h2>\n\t\t\t\t\t\t\t\t\t<a href=\"https:\/\/twojaklinika.com.pl\/index.php\/onas\/dr-n-med-elwira-matuszewska\/\" title=\"Dr n. med. Elwira Matuszewska\" target=\"_self\">\n\t\t\t\t\t\t\t\tDr n. med. Elwira Matuszewska\n\t\t\t\t\t\t\t\t\t<\/a>\n\t\t\t\t\t\t\t\t<\/h2>\n\t\t\t\tonkologia kliniczna\n\t\t\t\t\t\t\t\t\t<p>dr Elwira Matuszewska jest \u00a0od 1989 r. \u00a0zawodowo \u00a0zwi\u0105zana z Bia\u0142ostockim \u00a0Centrum Onkologii, gdzie od 2004r. pe\u0142ni funkcj\u0119 zast\u0119pcy ordynatora Oddzia\u0142u Onkologii Klinicznej z pododdzia\u0142em \u00a0chemioterapii dziennej.<\/p>\n\t\t\t\t\t\t\t<\/figcaption>\n\t\t<\/figure>\n\t\t\t\t<figure>\n\t\t\t\t\t\t\t<a href=\"https:\/\/twojaklinika.com.pl\/index.php\/onas\/julita-gulko\/\" title=\"Julita Gulko\" target=\"_self\">\n\t\t\t\t<img decoding=\"async\" src=\"https:\/\/twojaklinika.com.pl\/wp-content\/uploads\/2021\/03\/Julita_Gulko.jpg\" alt=\"lekarz2\" itemprop=\"image\"\/>\n\t\t\t\t\t\t\t<\/a>\n\t\t\t\t\t\t<figcaption>\n\t\t\t\t<h2>\n\t\t\t\t\t\t\t\t\t<a href=\"https:\/\/twojaklinika.com.pl\/index.php\/onas\/julita-gulko\/\" title=\"Julita Gulko\" target=\"_self\">\n\t\t\t\t\t\t\t\tJulita Gulko\n\t\t\t\t\t\t\t\t\t<\/a>\n\t\t\t\t\t\t\t\t<\/h2>\n\t\t\t\tKosmetologia\n\t\t\t\t\t\t\t\t\tJulita Gulko ukonczyla studia magisterskie na Wydziale Farmaceutycznym z Oddzia\u0142em Medycyny Laboratoryjnej \u00a0Uniwersytetu Medycznego w Bia\u0142ymstoku na kierunku Kosmetologia. Specjalizuje si\u0119 w zabiegach na twarz.\n\t\t\t\t\t\t\t<\/figcaption>\n\t\t<\/figure>\n\t\t\t\t<figure>\n\t\t\t\t<img decoding=\"async\" src=\"https:\/\/twojaklinika.com.pl\/wp-content\/uploads\/2020\/11\/Renata-Niekalo.jpg\" alt=\"Processed with VSCOcam with hb1 preset\" itemprop=\"image\"\/>\n\t\t\t\t\t\t<figcaption>\n\t\t\t\t<h2>\n\t\t\t\t\t\t\t\tRenata Nieka\u0142o\n\t\t\t\t\t\t\t\t<\/h2>\n\t\t\t\trejestracja\n\t\t\t\t\t\t\t<\/figcaption>\n\t\t<\/figure>\n\t<h2>\n\t\t\t\t\tAdres:\n\t\t\t\t<\/h2>\n\t\t\t<p><strong>ul. M\u0142ynowa 38 lok 4\/2 <\/strong><strong>tel <br \/>+48 735 969 555<\/strong><\/p>\t\t\n\t<iframe src=\"https:\/\/www.google.com\/maps\/embed\/v1\/place?key=AIzaSyD09zQ9PNDNNy9TadMuzRV_UsPUoWKntt8&#038;q=M%C5%82ynowa+38%2Flok+4%2C+15-404+Bia%C5%82ystok\"><\/iframe>\n\n","protected":false},"excerpt":{"rendered":"<p>O nas Twoja Klinika to nowoczesne i unikatowe miejsce na mapie Podlasia. Stworzona przez nas oferta uwzgl\u0119dnia najnowocze\u015bniejsze \u015bwiatowe trendy w dziedzinie dermatologii, medycyny estetycznej, chirurgii estetycznej, ginekologii estetycznej oraz kosmetologii. Swoje us\u0142ugi dedykujemy kobietom, m\u0119\u017cczyznom i dzieciom.. Nasz zesp\u00f3\u0142 Dr hab. n. med. Marek Niczyporuk dermatologia i wenerologia Specjalista [&hellip;]<\/p>\n","protected":false},"author":1,"featured_media":6117,"parent":0,"menu_order":0,"comment_status":"closed","ping_status":"closed","template":"page-templates\/full-width-bb.php","meta":{"_et_pb_use_builder":"","_et_pb_old_content":"","_et_gb_content_width":"","footnotes":""},"class_list":["post-5592","page","type-page","status-publish","has-post-thumbnail","hentry"],"aioseo_notices":[],"_links":{"self":[{"href":"https:\/\/twojaklinika.com.pl\/index.php\/wp-json\/wp\/v2\/pages\/5592","targetHints":{"allow":["GET"]}}],"collection":[{"href":"https:\/\/twojaklinika.com.pl\/index.php\/wp-json\/wp\/v2\/pages"}],"about":[{"href":"https:\/\/twojaklinika.com.pl\/index.php\/wp-json\/wp\/v2\/types\/page"}],"author":[{"embeddable":true,"href":"https:\/\/twojaklinika.com.pl\/index.php\/wp-json\/wp\/v2\/users\/1"}],"replies":[{"embeddable":true,"href":"https:\/\/twojaklinika.com.pl\/index.php\/wp-json\/wp\/v2\/comments?post=5592"}],"version-history":[{"count":80,"href":"https:\/\/twojaklinika.com.pl\/index.php\/wp-json\/wp\/v2\/pages\/5592\/revisions"}],"predecessor-version":[{"id":6761,"href":"https:\/\/twojaklinika.com.pl\/index.php\/wp-json\/wp\/v2\/pages\/5592\/revisions\/6761"}],"wp:featuredmedia":[{"embeddable":true,"href":"https:\/\/twojaklinika.com.pl\/index.php\/wp-json\/wp\/v2\/media\/6117"}],"wp:attachment":[{"href":"https:\/\/twojaklinika.com.pl\/index.php\/wp-json\/wp\/v2\/media?parent=5592"}],"curies":[{"name":"wp","href":"https:\/\/api.w.org\/{rel}","templated":true}]}}